{"id":4204,"date":"2022-06-05T11:10:51","date_gmt":"2022-06-05T09:10:51","guid":{"rendered":"https:\/\/www.ellipseanimation.com\/home\/"},"modified":"2026-03-20T11:52:19","modified_gmt":"2026-03-20T10:52:19","slug":"home","status":"publish","type":"page","link":"https:\/\/www.ellipseanimation.com\/fr\/","title":{"rendered":"Home"},"content":{"rendered":"<section id=\"ell-block_c5ae6ece19524a912f6a8e74787d16a4\" class=\"s-hero s-hero--video align-full\" data-source=\"https:\/\/www.ellipseanimation.com\/wp-content\/uploads\/2023\/08\/ELLIPSE_Header_Website_2023_H264_1080p-2.mp4\">\r\n    <img width=\"1920\" height=\"1080\" src=\"https:\/\/www.ellipseanimation.com\/wp-content\/uploads\/2023\/08\/MicrosoftTeams-image-25.jpg\" class=\"bg-video\" alt=\"\" decoding=\"async\" loading=\"lazy\" srcset=\"https:\/\/www.ellipseanimation.com\/wp-content\/uploads\/2023\/08\/MicrosoftTeams-image-25.jpg 1920w, https:\/\/www.ellipseanimation.com\/wp-content\/uploads\/2023\/08\/MicrosoftTeams-image-25-300x169.jpg 300w, https:\/\/www.ellipseanimation.com\/wp-content\/uploads\/2023\/08\/MicrosoftTeams-image-25-1024x576.jpg 1024w, https:\/\/www.ellipseanimation.com\/wp-content\/uploads\/2023\/08\/MicrosoftTeams-image-25-768x432.jpg 768w, https:\/\/www.ellipseanimation.com\/wp-content\/uploads\/2023\/08\/MicrosoftTeams-image-25-1536x864.jpg 1536w\" sizes=\"(max-width: 1920px) 100vw, 1920px\" \/>\r\n            <figure>\r\n            <img src=\"https:\/\/www.ellipseanimation.com\/wp-content\/uploads\/2022\/06\/logo-lg.svg\" class=\"s-logo-center\" alt=\"\" decoding=\"async\" loading=\"lazy\" \/>        <\/figure>\r\n    \r\n    <a id=\"btn-scrolldown\" href=\"#ell-block_70b55faa05a48a6ce84254719032014a\"><i class=\"i-chevron-down\"><\/i><\/a>\r\n<\/section>\r\n\n\n<section id=\"ell-block_71377e5501b980176326de8dd3c899f5\" class=\"s-article s-article--home s-shadow parallax-title align-full\">\r\n    <div class=\"s-shadow__wrap\">\r\n        <div class=\"container\">\r\n            <div class=\"col-12\"><h2 class=\"s-title-1\">NOS DERNI\u00c8RES ACTUALIT\u00c9S<\/h2><\/div>\r\n            <div class=\"list-article slider-default\" data-nextprev data-contain>                            <div class=\"col-md-4\">\r\n                                <div class=\"article-item col p-0\">\r\n                                    <figure class=\"wrap-img-ratio s-175-121\"><img width=\"300\" height=\"169\" src=\"https:\/\/www.ellipseanimation.com\/wp-content\/uploads\/2026\/03\/KEY_VISUAL_ANIMAL-JACK-300x169.png\" class=\"attachment-medium size-medium wp-post-image\" alt=\"\" decoding=\"async\" loading=\"lazy\" srcset=\"https:\/\/www.ellipseanimation.com\/wp-content\/uploads\/2026\/03\/KEY_VISUAL_ANIMAL-JACK-300x169.png 300w, https:\/\/www.ellipseanimation.com\/wp-content\/uploads\/2026\/03\/KEY_VISUAL_ANIMAL-JACK-1024x576.png 1024w, https:\/\/www.ellipseanimation.com\/wp-content\/uploads\/2026\/03\/KEY_VISUAL_ANIMAL-JACK-768x432.png 768w, https:\/\/www.ellipseanimation.com\/wp-content\/uploads\/2026\/03\/KEY_VISUAL_ANIMAL-JACK-1536x864.png 1536w, https:\/\/www.ellipseanimation.com\/wp-content\/uploads\/2026\/03\/KEY_VISUAL_ANIMAL-JACK.png 1920w\" sizes=\"(max-width: 300px) 100vw, 300px\" \/><\/figure>\r\n                                    <div class=\"article-item__content\">\r\n                                        <p class=\"mb-0\">ANIMAL JACK: Une adaptation en d\u00e9veloppement avec TF1<\/p>\r\n                                    <\/div><a class=\"link\" href=\"https:\/\/www.ellipseanimation.com\/fr\/animal-jack-une-adaptation-en-developpement-avec-tf1\/\"><\/a>\r\n                                <\/div>\r\n                            <\/div>\r\n                                                    <div class=\"col-md-4\">\r\n                                <div class=\"article-item col p-0\">\r\n                                    <figure class=\"wrap-img-ratio s-175-121\"><img width=\"300\" height=\"169\" src=\"https:\/\/www.ellipseanimation.com\/wp-content\/uploads\/2022\/12\/KEY_VISUAL_MARSUPILAMIS_16_9_RVB-300x169.png\" class=\"attachment-medium size-medium wp-post-image\" alt=\"\" decoding=\"async\" loading=\"lazy\" srcset=\"https:\/\/www.ellipseanimation.com\/wp-content\/uploads\/2022\/12\/KEY_VISUAL_MARSUPILAMIS_16_9_RVB-300x169.png 300w, https:\/\/www.ellipseanimation.com\/wp-content\/uploads\/2022\/12\/KEY_VISUAL_MARSUPILAMIS_16_9_RVB-1024x576.png 1024w, https:\/\/www.ellipseanimation.com\/wp-content\/uploads\/2022\/12\/KEY_VISUAL_MARSUPILAMIS_16_9_RVB-768x432.png 768w, https:\/\/www.ellipseanimation.com\/wp-content\/uploads\/2022\/12\/KEY_VISUAL_MARSUPILAMIS_16_9_RVB-1536x864.png 1536w, https:\/\/www.ellipseanimation.com\/wp-content\/uploads\/2022\/12\/KEY_VISUAL_MARSUPILAMIS_16_9_RVB-2048x1152.png 2048w\" sizes=\"(max-width: 300px) 100vw, 300px\" \/><\/figure>\r\n                                    <div class=\"article-item__content\">\r\n                                        <p class=\"mb-0\">Nickelodeon\u00a0devient le diffuseur international de la s\u00e9rie LES MARSUPILAMIS<\/p>\r\n                                    <\/div><a class=\"link\" href=\"https:\/\/www.ellipseanimation.com\/fr\/nickelodeon-devient-le-diffuseur-international-de-la-serie-les-marsupilamis\/\"><\/a>\r\n                                <\/div>\r\n                            <\/div>\r\n                                                    <div class=\"col-md-4\">\r\n                                <div class=\"article-item col p-0\">\r\n                                    <figure class=\"wrap-img-ratio s-175-121\"><img width=\"300\" height=\"203\" src=\"https:\/\/www.ellipseanimation.com\/wp-content\/uploads\/2026\/03\/WA_winners-300x203.png\" class=\"attachment-medium size-medium wp-post-image\" alt=\"\" decoding=\"async\" loading=\"lazy\" srcset=\"https:\/\/www.ellipseanimation.com\/wp-content\/uploads\/2026\/03\/WA_winners-300x203.png 300w, https:\/\/www.ellipseanimation.com\/wp-content\/uploads\/2026\/03\/WA_winners-1024x694.png 1024w, https:\/\/www.ellipseanimation.com\/wp-content\/uploads\/2026\/03\/WA_winners-768x521.png 768w, https:\/\/www.ellipseanimation.com\/wp-content\/uploads\/2026\/03\/WA_winners.png 1062w\" sizes=\"(max-width: 300px) 100vw, 300px\" \/><\/figure>\r\n                                    <div class=\"article-item__content\">\r\n                                        <p class=\"mb-0\">Les trois laur\u00e9ats de la Webtoon Academy Angoul\u00eame en immersion \u00e0 Suncheon, en Cor\u00e9e du Sud<\/p>\r\n                                    <\/div><a class=\"link\" href=\"https:\/\/www.ellipseanimation.com\/fr\/les-trois-laureats-de-la-webtoon-academy-angouleme-en-immersion-a-suncheon-en-coree-du-sud\/\"><\/a>\r\n                                <\/div>\r\n                            <\/div>\r\n                                                    <div class=\"col-md-4\">\r\n                                <div class=\"article-item col p-0\">\r\n                                    <figure class=\"wrap-img-ratio s-175-121\"><img width=\"300\" height=\"169\" src=\"https:\/\/www.ellipseanimation.com\/wp-content\/uploads\/2024\/06\/webtoonacademy_header-300x169.png\" class=\"attachment-medium size-medium wp-post-image\" alt=\"\" decoding=\"async\" loading=\"lazy\" srcset=\"https:\/\/www.ellipseanimation.com\/wp-content\/uploads\/2024\/06\/webtoonacademy_header-300x169.png 300w, https:\/\/www.ellipseanimation.com\/wp-content\/uploads\/2024\/06\/webtoonacademy_header-1024x576.png 1024w, https:\/\/www.ellipseanimation.com\/wp-content\/uploads\/2024\/06\/webtoonacademy_header-768x432.png 768w, https:\/\/www.ellipseanimation.com\/wp-content\/uploads\/2024\/06\/webtoonacademy_header-1536x864.png 1536w, https:\/\/www.ellipseanimation.com\/wp-content\/uploads\/2024\/06\/webtoonacademy_header.png 1920w\" sizes=\"(max-width: 300px) 100vw, 300px\" \/><\/figure>\r\n                                    <div class=\"article-item__content\">\r\n                                        <p class=\"mb-0\">Ellipse Studio, ONO et Kenaz lancent la Webtoon Academy Angoul\u00eame<\/p>\r\n                                    <\/div><a class=\"link\" href=\"https:\/\/www.ellipseanimation.com\/fr\/ellipse-studio-ono-et-kenaz-lancent-la-webtoon-academy-angouleme\/\"><\/a>\r\n                                <\/div>\r\n                            <\/div>\r\n                                                    <div class=\"col-md-4\">\r\n                                <div class=\"article-item col p-0\">\r\n                                    <figure class=\"wrap-img-ratio s-175-121\"><img width=\"300\" height=\"157\" src=\"https:\/\/www.ellipseanimation.com\/wp-content\/uploads\/2024\/04\/smurfs_magicgrimoire_16_9-300x157.jpg\" class=\"attachment-medium size-medium wp-post-image\" alt=\"\" decoding=\"async\" loading=\"lazy\" srcset=\"https:\/\/www.ellipseanimation.com\/wp-content\/uploads\/2024\/04\/smurfs_magicgrimoire_16_9-300x157.jpg 300w, https:\/\/www.ellipseanimation.com\/wp-content\/uploads\/2024\/04\/smurfs_magicgrimoire_16_9-1024x535.jpg 1024w, https:\/\/www.ellipseanimation.com\/wp-content\/uploads\/2024\/04\/smurfs_magicgrimoire_16_9-768x401.jpg 768w, https:\/\/www.ellipseanimation.com\/wp-content\/uploads\/2024\/04\/smurfs_magicgrimoire_16_9.jpg 1200w\" sizes=\"(max-width: 300px) 100vw, 300px\" \/><\/figure>\r\n                                    <div class=\"article-item__content\">\r\n                                        <p class=\"mb-0\">L&rsquo;attraction 4D Les Schtroumpfs et le Grimoire Magique arrive au Parc Spirou Provence<\/p>\r\n                                    <\/div><a class=\"link\" href=\"https:\/\/www.ellipseanimation.com\/fr\/lattraction-4d-les-schtroumpfs-et-le-grimoire-magique-arrive-au-parc-spirou-provence\/\"><\/a>\r\n                                <\/div>\r\n                            <\/div>\r\n                                                    <div class=\"col-md-4\">\r\n                                <div class=\"article-item col p-0\">\r\n                                    <figure class=\"wrap-img-ratio s-175-121\"><img width=\"300\" height=\"169\" src=\"https:\/\/www.ellipseanimation.com\/wp-content\/uploads\/2024\/01\/202401_vertustcyr_dargaud-300x169.png\" class=\"attachment-medium size-medium wp-post-image\" alt=\"\" decoding=\"async\" loading=\"lazy\" srcset=\"https:\/\/www.ellipseanimation.com\/wp-content\/uploads\/2024\/01\/202401_vertustcyr_dargaud-300x169.png 300w, https:\/\/www.ellipseanimation.com\/wp-content\/uploads\/2024\/01\/202401_vertustcyr_dargaud-1024x576.png 1024w, https:\/\/www.ellipseanimation.com\/wp-content\/uploads\/2024\/01\/202401_vertustcyr_dargaud-768x432.png 768w, https:\/\/www.ellipseanimation.com\/wp-content\/uploads\/2024\/01\/202401_vertustcyr_dargaud-1536x864.png 1536w, https:\/\/www.ellipseanimation.com\/wp-content\/uploads\/2024\/01\/202401_vertustcyr_dargaud.png 1920w\" sizes=\"(max-width: 300px) 100vw, 300px\" \/><\/figure>\r\n                                    <div class=\"article-item__content\">\r\n                                        <p class=\"mb-0\">Ellipse Animation \u00e9tend ses activit\u00e9s \u00e0 la production de webtoons<\/p>\r\n                                    <\/div><a class=\"link\" href=\"https:\/\/www.ellipseanimation.com\/fr\/ellipse-animation-webtoons\/\"><\/a>\r\n                                <\/div>\r\n                            <\/div>\r\n                                                    <div class=\"col-md-4\">\r\n                                <div class=\"article-item col p-0\">\r\n                                    <figure class=\"wrap-img-ratio s-175-121\"><img width=\"300\" height=\"169\" src=\"https:\/\/www.ellipseanimation.com\/wp-content\/uploads\/2024\/01\/campedelli_acquisition_photo-300x169.jpeg\" class=\"attachment-medium size-medium wp-post-image\" alt=\"\" decoding=\"async\" loading=\"lazy\" srcset=\"https:\/\/www.ellipseanimation.com\/wp-content\/uploads\/2024\/01\/campedelli_acquisition_photo-300x169.jpeg 300w, https:\/\/www.ellipseanimation.com\/wp-content\/uploads\/2024\/01\/campedelli_acquisition_photo-1024x576.jpeg 1024w, https:\/\/www.ellipseanimation.com\/wp-content\/uploads\/2024\/01\/campedelli_acquisition_photo-768x432.jpeg 768w, https:\/\/www.ellipseanimation.com\/wp-content\/uploads\/2024\/01\/campedelli_acquisition_photo-1536x864.jpeg 1536w, https:\/\/www.ellipseanimation.com\/wp-content\/uploads\/2024\/01\/campedelli_acquisition_photo.jpeg 2048w\" sizes=\"(max-width: 300px) 100vw, 300px\" \/><\/figure>\r\n                                    <div class=\"article-item__content\">\r\n                                        <p class=\"mb-0\">Le producteur italien Studio Campedelli rejoint Ellipse Animation<\/p>\r\n                                    <\/div><a class=\"link\" href=\"https:\/\/www.ellipseanimation.com\/fr\/le-producteur-italien-studio-campedelli-rejoint-ellipse-animation\/\"><\/a>\r\n                                <\/div>\r\n                            <\/div>\r\n                                                    <div class=\"col-md-4\">\r\n                                <div class=\"article-item col p-0\">\r\n                                    <figure class=\"wrap-img-ratio s-175-121\"><img width=\"300\" height=\"169\" src=\"https:\/\/www.ellipseanimation.com\/wp-content\/uploads\/2023\/09\/20230901_morgannfavennec_site-300x169.png\" class=\"attachment-medium size-medium wp-post-image\" alt=\"\" decoding=\"async\" loading=\"lazy\" srcset=\"https:\/\/www.ellipseanimation.com\/wp-content\/uploads\/2023\/09\/20230901_morgannfavennec_site-300x169.png 300w, https:\/\/www.ellipseanimation.com\/wp-content\/uploads\/2023\/09\/20230901_morgannfavennec_site-1024x576.png 1024w, https:\/\/www.ellipseanimation.com\/wp-content\/uploads\/2023\/09\/20230901_morgannfavennec_site-768x432.png 768w, https:\/\/www.ellipseanimation.com\/wp-content\/uploads\/2023\/09\/20230901_morgannfavennec_site-1536x864.png 1536w, https:\/\/www.ellipseanimation.com\/wp-content\/uploads\/2023\/09\/20230901_morgannfavennec_site.png 1920w\" sizes=\"(max-width: 300px) 100vw, 300px\" \/><\/figure>\r\n                                    <div class=\"article-item__content\">\r\n                                        <p class=\"mb-0\">Ellipse Animation recrute Morgann Favennec au nouveau poste de Directrice des Financements internationaux<\/p>\r\n                                    <\/div><a class=\"link\" href=\"https:\/\/www.ellipseanimation.com\/fr\/ellipse-animation-recrute-morgann-favennec-au-nouveau-poste-de-directrice-des-financements-internationaux\/\"><\/a>\r\n                                <\/div>\r\n                            <\/div>\r\n                                                    <div class=\"col-md-4\">\r\n                                <div class=\"article-item col p-0\">\r\n                                    <figure class=\"wrap-img-ratio s-175-121\"><img width=\"300\" height=\"169\" src=\"https:\/\/www.ellipseanimation.com\/wp-content\/uploads\/2023\/08\/komodo_poster_textless_16_9_alt-300x169.png\" class=\"attachment-medium size-medium wp-post-image\" alt=\"\" decoding=\"async\" loading=\"lazy\" srcset=\"https:\/\/www.ellipseanimation.com\/wp-content\/uploads\/2023\/08\/komodo_poster_textless_16_9_alt-300x169.png 300w, https:\/\/www.ellipseanimation.com\/wp-content\/uploads\/2023\/08\/komodo_poster_textless_16_9_alt-1024x576.png 1024w, https:\/\/www.ellipseanimation.com\/wp-content\/uploads\/2023\/08\/komodo_poster_textless_16_9_alt-768x432.png 768w, https:\/\/www.ellipseanimation.com\/wp-content\/uploads\/2023\/08\/komodo_poster_textless_16_9_alt-1536x864.png 1536w, https:\/\/www.ellipseanimation.com\/wp-content\/uploads\/2023\/08\/komodo_poster_textless_16_9_alt.png 1918w\" sizes=\"(max-width: 300px) 100vw, 300px\" \/><\/figure>\r\n                                    <div class=\"article-item__content\">\r\n                                        <p class=\"mb-0\">Komodo No Chill, notre nouveau projet jeunesse pr\u00e9sent\u00e9 au Cartoon Forum<\/p>\r\n                                    <\/div><a class=\"link\" href=\"https:\/\/www.ellipseanimation.com\/fr\/komodo-no-chill-le-nouveau-projet-jeunesse-dellipse-animation-presente-au-cartoon-forum\/\"><\/a>\r\n                                <\/div>\r\n                            <\/div>\r\n                                                    <div class=\"col-md-4\">\r\n                                <div class=\"article-item col p-0\">\r\n                                    <figure class=\"wrap-img-ratio s-175-121\"><img width=\"300\" height=\"169\" src=\"https:\/\/www.ellipseanimation.com\/wp-content\/uploads\/2023\/06\/mifa_multiprogramme-300x169.png\" class=\"attachment-medium size-medium wp-post-image\" alt=\"mifa_program\" decoding=\"async\" loading=\"lazy\" srcset=\"https:\/\/www.ellipseanimation.com\/wp-content\/uploads\/2023\/06\/mifa_multiprogramme-300x169.png 300w, https:\/\/www.ellipseanimation.com\/wp-content\/uploads\/2023\/06\/mifa_multiprogramme-1024x576.png 1024w, https:\/\/www.ellipseanimation.com\/wp-content\/uploads\/2023\/06\/mifa_multiprogramme-768x432.png 768w, https:\/\/www.ellipseanimation.com\/wp-content\/uploads\/2023\/06\/mifa_multiprogramme-1536x864.png 1536w, https:\/\/www.ellipseanimation.com\/wp-content\/uploads\/2023\/06\/mifa_multiprogramme-2048x1152.png 2048w\" sizes=\"(max-width: 300px) 100vw, 300px\" \/><\/figure>\r\n                                    <div class=\"article-item__content\">\r\n                                        <p class=\"mb-0\">Retrouvons-nous \u00e0 Annecy ! D\u00e9couvrez le programme d&rsquo;Ellipse Animation<\/p>\r\n                                    <\/div><a class=\"link\" href=\"https:\/\/www.ellipseanimation.com\/fr\/retrouvons-nous-a-annecy\/\"><\/a>\r\n                                <\/div>\r\n                            <\/div>\r\n                                                    <div class=\"col-md-4\">\r\n                                <div class=\"article-item col p-0\">\r\n                                    <figure class=\"wrap-img-ratio s-175-121\"><img width=\"300\" height=\"162\" src=\"https:\/\/www.ellipseanimation.com\/wp-content\/uploads\/2023\/02\/01_YKRL_2_Annecy_2022_Confrontation_01_color-300x162.jpg\" class=\"attachment-medium size-medium wp-post-image\" alt=\"\" decoding=\"async\" loading=\"lazy\" srcset=\"https:\/\/www.ellipseanimation.com\/wp-content\/uploads\/2023\/02\/01_YKRL_2_Annecy_2022_Confrontation_01_color-300x162.jpg 300w, https:\/\/www.ellipseanimation.com\/wp-content\/uploads\/2023\/02\/01_YKRL_2_Annecy_2022_Confrontation_01_color-1024x553.jpg 1024w, https:\/\/www.ellipseanimation.com\/wp-content\/uploads\/2023\/02\/01_YKRL_2_Annecy_2022_Confrontation_01_color-768x415.jpg 768w, https:\/\/www.ellipseanimation.com\/wp-content\/uploads\/2023\/02\/01_YKRL_2_Annecy_2022_Confrontation_01_color-1536x830.jpg 1536w, https:\/\/www.ellipseanimation.com\/wp-content\/uploads\/2023\/02\/01_YKRL_2_Annecy_2022_Confrontation_01_color-2048x1106.jpg 2048w\" sizes=\"(max-width: 300px) 100vw, 300px\" \/><\/figure>\r\n                                    <div class=\"article-item__content\">\r\n                                        <p class=\"mb-0\">Le film Yakari 2 pr\u00e9sent\u00e9 au Cartoon Movie 2023<\/p>\r\n                                    <\/div><a class=\"link\" href=\"https:\/\/www.ellipseanimation.com\/fr\/yakari2-cartoonmovie2023\/\"><\/a>\r\n                                <\/div>\r\n                            <\/div>\r\n                                                    <div class=\"col-md-4\">\r\n                                <div class=\"article-item col p-0\">\r\n                                    <figure class=\"wrap-img-ratio s-175-121\"><img width=\"300\" height=\"169\" src=\"https:\/\/www.ellipseanimation.com\/wp-content\/uploads\/2023\/01\/20230118_ellipseangouleme_arriveearnaud_v1-300x169.jpg\" class=\"attachment-medium size-medium wp-post-image\" alt=\"\" decoding=\"async\" loading=\"lazy\" srcset=\"https:\/\/www.ellipseanimation.com\/wp-content\/uploads\/2023\/01\/20230118_ellipseangouleme_arriveearnaud_v1-300x169.jpg 300w, https:\/\/www.ellipseanimation.com\/wp-content\/uploads\/2023\/01\/20230118_ellipseangouleme_arriveearnaud_v1-1024x576.jpg 1024w, https:\/\/www.ellipseanimation.com\/wp-content\/uploads\/2023\/01\/20230118_ellipseangouleme_arriveearnaud_v1-768x432.jpg 768w, https:\/\/www.ellipseanimation.com\/wp-content\/uploads\/2023\/01\/20230118_ellipseangouleme_arriveearnaud_v1-1536x864.jpg 1536w, https:\/\/www.ellipseanimation.com\/wp-content\/uploads\/2023\/01\/20230118_ellipseangouleme_arriveearnaud_v1.jpg 1920w\" sizes=\"(max-width: 300px) 100vw, 300px\" \/><\/figure>\r\n                                    <div class=\"article-item__content\">\r\n                                        <p class=\"mb-0\">Ellipse Animation renforce son studio d\u2019Angoul\u00eame et nomme Arnaud R\u00e9guillet pour le diriger<\/p>\r\n                                    <\/div><a class=\"link\" href=\"https:\/\/www.ellipseanimation.com\/fr\/ellipse-animation-renforce-son-studio-dangouleme-et-nomme-arnaud-reguillet-pour-le-diriger\/\"><\/a>\r\n                                <\/div>\r\n                            <\/div>\r\n                                                    <div class=\"col-md-4\">\r\n                                <div class=\"article-item col p-0\">\r\n                                    <figure class=\"wrap-img-ratio s-175-121\"><img width=\"300\" height=\"169\" src=\"https:\/\/www.ellipseanimation.com\/wp-content\/uploads\/2022\/06\/DAD_109_Still_0001-300x169.png\" class=\"attachment-medium size-medium wp-post-image\" alt=\"\" decoding=\"async\" loading=\"lazy\" srcset=\"https:\/\/www.ellipseanimation.com\/wp-content\/uploads\/2022\/06\/DAD_109_Still_0001-300x169.png 300w, https:\/\/www.ellipseanimation.com\/wp-content\/uploads\/2022\/06\/DAD_109_Still_0001-1024x576.png 1024w, https:\/\/www.ellipseanimation.com\/wp-content\/uploads\/2022\/06\/DAD_109_Still_0001-768x432.png 768w, https:\/\/www.ellipseanimation.com\/wp-content\/uploads\/2022\/06\/DAD_109_Still_0001-1536x864.png 1536w, https:\/\/www.ellipseanimation.com\/wp-content\/uploads\/2022\/06\/DAD_109_Still_0001.png 1920w\" sizes=\"(max-width: 300px) 100vw, 300px\" \/><\/figure>\r\n                                    <div class=\"article-item__content\">\r\n                                        <p class=\"mb-0\">Les Filles de Dad arrive en France et en Belgique<\/p>\r\n                                    <\/div><a class=\"link\" href=\"https:\/\/www.ellipseanimation.com\/fr\/lancement-des-filles-de-dad-en-france-et-en-belgique\/\"><\/a>\r\n                                <\/div>\r\n                            <\/div>\r\n                                                    <div class=\"col-md-4\">\r\n                                <div class=\"article-item col p-0\">\r\n                                    <figure class=\"wrap-img-ratio s-175-121\"><img width=\"300\" height=\"169\" src=\"https:\/\/www.ellipseanimation.com\/wp-content\/uploads\/2022\/06\/Affciche_Ok-300x169.png\" class=\"attachment-medium size-medium wp-post-image\" alt=\"\" decoding=\"async\" loading=\"lazy\" srcset=\"https:\/\/www.ellipseanimation.com\/wp-content\/uploads\/2022\/06\/Affciche_Ok-300x169.png 300w, https:\/\/www.ellipseanimation.com\/wp-content\/uploads\/2022\/06\/Affciche_Ok-1024x576.png 1024w, https:\/\/www.ellipseanimation.com\/wp-content\/uploads\/2022\/06\/Affciche_Ok-768x432.png 768w, https:\/\/www.ellipseanimation.com\/wp-content\/uploads\/2022\/06\/Affciche_Ok-1536x864.png 1536w, https:\/\/www.ellipseanimation.com\/wp-content\/uploads\/2022\/06\/Affciche_Ok-2048x1152.png 2048w\" sizes=\"(max-width: 300px) 100vw, 300px\" \/><\/figure>\r\n                                    <div class=\"article-item__content\">\r\n                                        <p class=\"mb-0\">Ellipse Animation : au c\u0153ur de la strat\u00e9gie de M\u00e9dia-Participations<\/p>\r\n                                    <\/div><a class=\"link\" href=\"https:\/\/www.ellipseanimation.com\/fr\/ellipse-animation-at-the-heart-of-media-participations-strategy\/\"><\/a>\r\n                                <\/div>\r\n                            <\/div>\r\n                        <\/div>        <\/div>\r\n    <\/div>\r\n<\/section>\n\n<section id=\"ell-block_47b80b38657939b01fd19c2ada343593\" class=\"s-annecy s-banner align-full\">\r\n    <div class=\"wrap\">\r\n        <figure><img width=\"2560\" height=\"1222\" src=\"https:\/\/www.ellipseanimation.com\/wp-content\/uploads\/2023\/03\/yakari_recherchedecor2-scaled.jpg\" class=\"attachment-full size-full\" alt=\"\" decoding=\"async\" loading=\"lazy\" srcset=\"https:\/\/www.ellipseanimation.com\/wp-content\/uploads\/2023\/03\/yakari_recherchedecor2-scaled.jpg 2560w, https:\/\/www.ellipseanimation.com\/wp-content\/uploads\/2023\/03\/yakari_recherchedecor2-300x143.jpg 300w, https:\/\/www.ellipseanimation.com\/wp-content\/uploads\/2023\/03\/yakari_recherchedecor2-1024x489.jpg 1024w, https:\/\/www.ellipseanimation.com\/wp-content\/uploads\/2023\/03\/yakari_recherchedecor2-768x367.jpg 768w, https:\/\/www.ellipseanimation.com\/wp-content\/uploads\/2023\/03\/yakari_recherchedecor2-1536x733.jpg 1536w, https:\/\/www.ellipseanimation.com\/wp-content\/uploads\/2023\/03\/yakari_recherchedecor2-2048x978.jpg 2048w\" sizes=\"(max-width: 2560px) 100vw, 2560px\" \/><\/figure>\r\n    <\/div>\r\n    <div class=\"text-center title\">\r\n        <span class=\"s-title-2 text-shadow-06\">D\u00e9couvrez les coulisses de notre studio<\/span>        <h2 class=\"s-title-1 text-shadow-06\">Rendez-vous sur Instagram<\/h2>        <a class=\"btn-default\" href=\"https:\/\/www.instagram.com\/ellipseanimation\/\" target=\"\"><span>C&rsquo;est par ici<\/span><\/a>    <\/div>\r\n<\/section>\n\n<section id=\"ell-block_a2951dc5307888ffc686df389333f65e\" class=\"s-productions s-shadow align-full\">\r\n    <div class=\"s-shadow__wrap\">\r\n        <div class=\"container\">\r\n            <h2 class=\"s-title-1 text-center mb-4\">NOS PRODUCTIONS<\/h2>            <div class=\"list-products row\">                            <div class=\"col-md-3 col-6\">\r\n                                <div class=\"product-item\">\r\n                                    <figure >\r\n                                        <img width=\"768\" height=\"1194\" src=\"https:\/\/www.ellipseanimation.com\/wp-content\/uploads\/2022\/09\/smurfs_poster_site-768x1194.png\" class=\"main wp-post-image\" alt=\"\" decoding=\"async\" loading=\"lazy\" srcset=\"https:\/\/www.ellipseanimation.com\/wp-content\/uploads\/2022\/09\/smurfs_poster_site-768x1194.png 768w, https:\/\/www.ellipseanimation.com\/wp-content\/uploads\/2022\/09\/smurfs_poster_site-193x300.png 193w, https:\/\/www.ellipseanimation.com\/wp-content\/uploads\/2022\/09\/smurfs_poster_site-659x1024.png 659w, https:\/\/www.ellipseanimation.com\/wp-content\/uploads\/2022\/09\/smurfs_poster_site.png 965w\" sizes=\"(max-width: 768px) 100vw, 768px\" \/>                                    <\/figure>\r\n                                                                                                            <a class=\"link\" href=\"https:\/\/www.ellipseanimation.com\/fr\/production\/les-schtroumpfs\/\"><\/a>\r\n                                <\/div>\r\n                            <\/div>\r\n                                                    <div class=\"col-md-3 col-6\">\r\n                                <div class=\"product-item\">\r\n                                    <figure >\r\n                                        <img width=\"768\" height=\"1250\" src=\"https:\/\/www.ellipseanimation.com\/wp-content\/uploads\/2022\/12\/MARKET_SQUARE_MARSUPILAMIS_9_16_RGB_FR-e1772721673856-768x1250.png\" class=\"main wp-post-image\" alt=\"\" decoding=\"async\" loading=\"lazy\" srcset=\"https:\/\/www.ellipseanimation.com\/wp-content\/uploads\/2022\/12\/MARKET_SQUARE_MARSUPILAMIS_9_16_RGB_FR-e1772721673856-768x1250.png 768w, https:\/\/www.ellipseanimation.com\/wp-content\/uploads\/2022\/12\/MARKET_SQUARE_MARSUPILAMIS_9_16_RGB_FR-e1772721673856-184x300.png 184w, https:\/\/www.ellipseanimation.com\/wp-content\/uploads\/2022\/12\/MARKET_SQUARE_MARSUPILAMIS_9_16_RGB_FR-e1772721673856-629x1024.png 629w, https:\/\/www.ellipseanimation.com\/wp-content\/uploads\/2022\/12\/MARKET_SQUARE_MARSUPILAMIS_9_16_RGB_FR-e1772721673856-944x1536.png 944w, https:\/\/www.ellipseanimation.com\/wp-content\/uploads\/2022\/12\/MARKET_SQUARE_MARSUPILAMIS_9_16_RGB_FR-e1772721673856-1258x2048.png 1258w\" sizes=\"(max-width: 768px) 100vw, 768px\" \/>                                    <\/figure>\r\n                                                                                                            <a class=\"link\" href=\"https:\/\/www.ellipseanimation.com\/fr\/production\/les-marsupilamis\/\"><\/a>\r\n                                <\/div>\r\n                            <\/div>\r\n                                                    <div class=\"col-md-3 col-6\">\r\n                                <div class=\"product-item\">\r\n                                    <figure >\r\n                                        <img width=\"717\" height=\"1024\" src=\"https:\/\/www.ellipseanimation.com\/wp-content\/uploads\/2022\/12\/2x3_Logo_Dreamland-717x1024-2.jpg\" class=\"main wp-post-image\" alt=\"\" decoding=\"async\" loading=\"lazy\" srcset=\"https:\/\/www.ellipseanimation.com\/wp-content\/uploads\/2022\/12\/2x3_Logo_Dreamland-717x1024-2.jpg 717w, https:\/\/www.ellipseanimation.com\/wp-content\/uploads\/2022\/12\/2x3_Logo_Dreamland-717x1024-2-210x300.jpg 210w\" sizes=\"(max-width: 717px) 100vw, 717px\" \/>                                    <\/figure>\r\n                                                                                                            <a class=\"link\" href=\"https:\/\/www.ellipseanimation.com\/fr\/production\/dreamland\/\"><\/a>\r\n                                <\/div>\r\n                            <\/div>\r\n                                                    <div class=\"col-md-3 col-6\">\r\n                                <div class=\"product-item\">\r\n                                    <figure >\r\n                                        <img width=\"768\" height=\"965\" src=\"https:\/\/www.ellipseanimation.com\/wp-content\/uploads\/2023\/08\/DCYvxxeXcVKU0NHxEXqob9HNbbScFqa-768x965.jpeg\" class=\"main wp-post-image\" alt=\"\" decoding=\"async\" loading=\"lazy\" srcset=\"https:\/\/www.ellipseanimation.com\/wp-content\/uploads\/2023\/08\/DCYvxxeXcVKU0NHxEXqob9HNbbScFqa-768x965.jpeg 768w, https:\/\/www.ellipseanimation.com\/wp-content\/uploads\/2023\/08\/DCYvxxeXcVKU0NHxEXqob9HNbbScFqa-239x300.jpeg 239w, https:\/\/www.ellipseanimation.com\/wp-content\/uploads\/2023\/08\/DCYvxxeXcVKU0NHxEXqob9HNbbScFqa-815x1024.jpeg 815w, https:\/\/www.ellipseanimation.com\/wp-content\/uploads\/2023\/08\/DCYvxxeXcVKU0NHxEXqob9HNbbScFqa.jpeg 841w\" sizes=\"(max-width: 768px) 100vw, 768px\" \/>                                    <\/figure>\r\n                                                                                                            <a class=\"link\" href=\"https:\/\/www.ellipseanimation.com\/fr\/production\/yakari-2\/\"><\/a>\r\n                                <\/div>\r\n                            <\/div>\r\n                                                    <div class=\"col-md-3 col-6\">\r\n                                <div class=\"product-item\">\r\n                                    <figure >\r\n                                        <img width=\"768\" height=\"1194\" src=\"https:\/\/www.ellipseanimation.com\/wp-content\/uploads\/2022\/10\/dad_poster_site_FR-768x1194.png\" class=\"main wp-post-image\" alt=\"\" decoding=\"async\" loading=\"lazy\" srcset=\"https:\/\/www.ellipseanimation.com\/wp-content\/uploads\/2022\/10\/dad_poster_site_FR-768x1194.png 768w, https:\/\/www.ellipseanimation.com\/wp-content\/uploads\/2022\/10\/dad_poster_site_FR-193x300.png 193w, https:\/\/www.ellipseanimation.com\/wp-content\/uploads\/2022\/10\/dad_poster_site_FR-659x1024.png 659w, https:\/\/www.ellipseanimation.com\/wp-content\/uploads\/2022\/10\/dad_poster_site_FR.png 965w\" sizes=\"(max-width: 768px) 100vw, 768px\" \/>                                    <\/figure>\r\n                                                                                                            <a class=\"link\" href=\"https:\/\/www.ellipseanimation.com\/fr\/production\/les-filles-de-dad\/\"><\/a>\r\n                                <\/div>\r\n                            <\/div>\r\n                                                    <div class=\"col-md-3 col-6\">\r\n                                <div class=\"product-item\">\r\n                                    <figure >\r\n                                        <img width=\"768\" height=\"1024\" src=\"https:\/\/www.ellipseanimation.com\/wp-content\/uploads\/2022\/12\/KEY_VISUAL_TROTRO__ZAZA_GARDEN_3_4_RGB_FR-768x1024.png\" class=\"main wp-post-image\" alt=\"\" decoding=\"async\" loading=\"lazy\" srcset=\"https:\/\/www.ellipseanimation.com\/wp-content\/uploads\/2022\/12\/KEY_VISUAL_TROTRO__ZAZA_GARDEN_3_4_RGB_FR-768x1024.png 768w, https:\/\/www.ellipseanimation.com\/wp-content\/uploads\/2022\/12\/KEY_VISUAL_TROTRO__ZAZA_GARDEN_3_4_RGB_FR-225x300.png 225w, https:\/\/www.ellipseanimation.com\/wp-content\/uploads\/2022\/12\/KEY_VISUAL_TROTRO__ZAZA_GARDEN_3_4_RGB_FR-1152x1536.png 1152w, https:\/\/www.ellipseanimation.com\/wp-content\/uploads\/2022\/12\/KEY_VISUAL_TROTRO__ZAZA_GARDEN_3_4_RGB_FR-1536x2048.png 1536w\" sizes=\"(max-width: 768px) 100vw, 768px\" \/>                                    <\/figure>\r\n                                                                                                            <a class=\"link\" href=\"https:\/\/www.ellipseanimation.com\/fr\/production\/trotro-zaza\/\"><\/a>\r\n                                <\/div>\r\n                            <\/div>\r\n                                                    <div class=\"col-md-3 col-6\">\r\n                                <div class=\"product-item\">\r\n                                    <figure >\r\n                                        <img width=\"768\" height=\"1194\" src=\"https:\/\/www.ellipseanimation.com\/wp-content\/uploads\/2022\/11\/AFFICHE_2-768x1194.png\" class=\"main wp-post-image\" alt=\"\" decoding=\"async\" loading=\"lazy\" srcset=\"https:\/\/www.ellipseanimation.com\/wp-content\/uploads\/2022\/11\/AFFICHE_2-768x1194.png 768w, https:\/\/www.ellipseanimation.com\/wp-content\/uploads\/2022\/11\/AFFICHE_2-193x300.png 193w, https:\/\/www.ellipseanimation.com\/wp-content\/uploads\/2022\/11\/AFFICHE_2-659x1024.png 659w, https:\/\/www.ellipseanimation.com\/wp-content\/uploads\/2022\/11\/AFFICHE_2.png 965w\" sizes=\"(max-width: 768px) 100vw, 768px\" \/>                                    <\/figure>\r\n                                                                                                            <a class=\"link\" href=\"https:\/\/www.ellipseanimation.com\/fr\/production\/belfort-lupin\/\"><\/a>\r\n                                <\/div>\r\n                            <\/div>\r\n                                                    <div class=\"col-md-3 col-6\">\r\n                                <div class=\"product-item\">\r\n                                    <figure >\r\n                                        <img width=\"768\" height=\"1193\" src=\"https:\/\/www.ellipseanimation.com\/wp-content\/uploads\/2022\/11\/blaireau_poster2023_site_FR-1-768x1193.png\" class=\"main wp-post-image\" alt=\"\" decoding=\"async\" loading=\"lazy\" srcset=\"https:\/\/www.ellipseanimation.com\/wp-content\/uploads\/2022\/11\/blaireau_poster2023_site_FR-1-768x1193.png 768w, https:\/\/www.ellipseanimation.com\/wp-content\/uploads\/2022\/11\/blaireau_poster2023_site_FR-1-193x300.png 193w, https:\/\/www.ellipseanimation.com\/wp-content\/uploads\/2022\/11\/blaireau_poster2023_site_FR-1-659x1024.png 659w, https:\/\/www.ellipseanimation.com\/wp-content\/uploads\/2022\/11\/blaireau_poster2023_site_FR-1-989x1536.png 989w, https:\/\/www.ellipseanimation.com\/wp-content\/uploads\/2022\/11\/blaireau_poster2023_site_FR-1.png 1236w\" sizes=\"(max-width: 768px) 100vw, 768px\" \/>                                    <\/figure>\r\n                                                                                                            <a class=\"link\" href=\"https:\/\/www.ellipseanimation.com\/fr\/production\/the-fox-badger-family\/\"><\/a>\r\n                                <\/div>\r\n                            <\/div>\r\n                        <\/div>            <div class=\"text-center mb-4 mt-5\"><a class=\"btn-default\" href=\"https:\/\/www.ellipseanimation.com\/productions\/\" target=\"\"><span>LE CATALOGUE<\/span><\/a><\/div>        <\/div>\r\n    <\/div>\r\n<\/section>\n\n<section id=\"ell-block_3db354b36b35fbf0ff56101c8aa77ddc\" class=\"s-european-leader s-shadow align-full\">\r\n    <div class=\"s-shadow__wrap\">\r\n        <div class=\"container pt-4 pb-4\">\r\n            <h2 class=\"d-flex flex-column text-center\"><span class=\"s-title-2\">NOUS SOMMES<\/span><span class=\"s-title-1 mb-0\">UN LEADER EUROP\u00c9EN<\/span><span class=\"s-title-2\">DANS L&rsquo;ANIMATION<\/span><\/h2>            <div class=\"content text-center\">\r\n                <p style=\"text-align: center;\">Depuis plus de 60 ans, Ellipse Animation donne vie \u00e0 <strong>des h\u00e9ros embl\u00e9matiques, des mondes magiques et des aventures inoubliables<\/strong> qui se transmettent de g\u00e9n\u00e9ration en g\u00e9n\u00e9ration, constituant le plus grand catalogue d\u2019animation en Europe. Nos labels de production Dargaud Media, Dupuis Edition &amp; Audiovisuel et Ellipsanime Productions sont \u00e0 l\u2019origine des s\u00e9ries et films d&rsquo;animation europ\u00e9ens les plus populaires dans le monde.<\/p>\n<p style=\"text-align: center;\">Fort d\u2019un savoir-faire reconnu et d\u2019un \u00e9cosyst\u00e8me de studios f\u00e9d\u00e9rant des talents de tous horizons, Ellipse Animation raconte avec passion, cr\u00e9ativit\u00e9 et innovation, des histoires qui <strong>divertissent et inspirent<\/strong> les petits et les grands dans le monde entier.<\/p>\n<p style=\"text-align: center;\">Ellipse Animation est une filiale de M\u00e9dia-Participations, <span data-olk-copy-source=\"MessageBody\">un groupe familial leader dans l&rsquo;\u00e9dition, les m\u00e9dias et le divertissement. <\/span><\/p>\n                <a class=\"btn-default --white mt-3 mt-md-5\" href=\"https:\/\/www.ellipseanimation.com\/fr\/a-propos\/\" target=\"\"><span>EN SAVOIR PLUS<\/span><\/a>            <\/div>\r\n            <img decoding=\"async\" class=\"img1\" src=\"https:\/\/www.ellipseanimation.com\/wp-content\/themes\/ellipse\/assets\/images\/croquis-left.png\" alt=\"\">            <img decoding=\"async\" class=\"img2\" src=\"https:\/\/www.ellipseanimation.com\/wp-content\/themes\/ellipse\/assets\/images\/croquis-right.png\" alt=\"\">        <\/div>\r\n    <\/div>\r\n<\/section>\n\n<section id=\"ell-block_8622d1065588fdfdc8240923029d6ded\" class=\"s-behide c-section parallax-title align-full\">\r\n    <div class=\"container\">\r\n        <div class=\"col-12\"><h2 class=\"s-title-1 s-title-1--white\">DANS LES COULISSES&#8230;<\/h2><\/div>\r\n        <div class=\"list-article slider-default\" data-nextprev data-contain>                        <div class=\"col-md-4\">\r\n                            <div class=\"article-item --black col p-0\">\r\n                                <figure class=\"wrap-img-ratio s-175-121\"><img width=\"300\" height=\"169\" src=\"https:\/\/www.ellipseanimation.com\/wp-content\/uploads\/2023\/06\/teddy_photov2-300x169.jpg\" class=\"attachment-medium size-medium wp-post-image\" alt=\"\" decoding=\"async\" loading=\"lazy\" srcset=\"https:\/\/www.ellipseanimation.com\/wp-content\/uploads\/2023\/06\/teddy_photov2-300x169.jpg 300w, https:\/\/www.ellipseanimation.com\/wp-content\/uploads\/2023\/06\/teddy_photov2-1024x576.jpg 1024w, https:\/\/www.ellipseanimation.com\/wp-content\/uploads\/2023\/06\/teddy_photov2-768x432.jpg 768w, https:\/\/www.ellipseanimation.com\/wp-content\/uploads\/2023\/06\/teddy_photov2-1536x864.jpg 1536w, https:\/\/www.ellipseanimation.com\/wp-content\/uploads\/2023\/06\/teddy_photov2-2048x1152.jpg 2048w\" sizes=\"(max-width: 300px) 100vw, 300px\" \/><\/figure>\r\n                                <div class=\"article-item__content --black\">\r\n                                    <p class=\"mb-0\">Rencontre avec Teddy Stehly, showrunner de Belfort &#038; Lupin<\/p>\r\n                                <\/div>\r\n                                <a class=\"link\" href=\"https:\/\/www.ellipseanimation.com\/fr\/bts\/rencontre-avec-teddy-stehly\/\"><\/a>\r\n                            <\/div>\r\n                        <\/div>\r\n                                            <div class=\"col-md-4\">\r\n                            <div class=\"article-item --black col p-0\">\r\n                                <figure class=\"wrap-img-ratio s-175-121\"><img width=\"300\" height=\"225\" src=\"https:\/\/www.ellipseanimation.com\/wp-content\/uploads\/2022\/06\/1643290428163-300x225.jpg\" class=\"attachment-medium size-medium wp-post-image\" alt=\"\" decoding=\"async\" loading=\"lazy\" srcset=\"https:\/\/www.ellipseanimation.com\/wp-content\/uploads\/2022\/06\/1643290428163-300x225.jpg 300w, https:\/\/www.ellipseanimation.com\/wp-content\/uploads\/2022\/06\/1643290428163-1024x768.jpg 1024w, https:\/\/www.ellipseanimation.com\/wp-content\/uploads\/2022\/06\/1643290428163-768x576.jpg 768w, https:\/\/www.ellipseanimation.com\/wp-content\/uploads\/2022\/06\/1643290428163-1536x1151.jpg 1536w, https:\/\/www.ellipseanimation.com\/wp-content\/uploads\/2022\/06\/1643290428163.jpg 2048w\" sizes=\"(max-width: 300px) 100vw, 300px\" \/><\/figure>\r\n                                <div class=\"article-item__content --black\">\r\n                                    <p class=\"mb-0\">Des Animaux \u00e0 Versailles : exp\u00e9dition d\u00e9couverte pour notre \u00e9quipe !<\/p>\r\n                                <\/div>\r\n                                <a class=\"link\" href=\"https:\/\/www.ellipseanimation.com\/fr\/bts\/des-animaux-a-versailles-expedition-decouverte-pour-notre-equipe\/\"><\/a>\r\n                            <\/div>\r\n                        <\/div>\r\n                                            <div class=\"col-md-4\">\r\n                            <div class=\"article-item --black col p-0\">\r\n                                <figure class=\"wrap-img-ratio s-175-121\"><img width=\"300\" height=\"169\" src=\"https:\/\/www.ellipseanimation.com\/wp-content\/uploads\/2022\/06\/Yakari_Teaser-300x169.jpg\" class=\"attachment-medium size-medium wp-post-image\" alt=\"\" decoding=\"async\" loading=\"lazy\" srcset=\"https:\/\/www.ellipseanimation.com\/wp-content\/uploads\/2022\/06\/Yakari_Teaser-300x169.jpg 300w, https:\/\/www.ellipseanimation.com\/wp-content\/uploads\/2022\/06\/Yakari_Teaser-1024x576.jpg 1024w, https:\/\/www.ellipseanimation.com\/wp-content\/uploads\/2022\/06\/Yakari_Teaser-768x432.jpg 768w, https:\/\/www.ellipseanimation.com\/wp-content\/uploads\/2022\/06\/Yakari_Teaser-1536x864.jpg 1536w, https:\/\/www.ellipseanimation.com\/wp-content\/uploads\/2022\/06\/Yakari_Teaser.jpg 1920w\" sizes=\"(max-width: 300px) 100vw, 300px\" \/><\/figure>\r\n                                <div class=\"article-item__content --black\">\r\n                                    <p class=\"mb-0\">Yakari : La Grande Aventure &#8211; Le Making-Of<\/p>\r\n                                <\/div>\r\n                                <a class=\"link\" href=\"https:\/\/www.ellipseanimation.com\/fr\/bts\/yakari-la-grande-aventure-le-making-of\/\"><\/a>\r\n                            <\/div>\r\n                        <\/div>\r\n                    <\/div>    <\/div>\r\n<\/section>","protected":false},"excerpt":{"rendered":"","protected":false},"author":1,"featured_media":0,"parent":0,"menu_order":0,"comment_status":"closed","ping_status":"closed","template":"","meta":[],"acf":[],"yoast_head":"<!-- This site is optimized with the Yoast SEO plugin v21.1 - https:\/\/yoast.com\/wordpress\/plugins\/seo\/ -->\n<title>Ellipse Animation - Un leader europ\u00e9en de l&#039;animation<\/title>\n<meta name=\"description\" content=\"Ellipse Animation produit des s\u00e9ries et films d&#039;animation. Ses studios sont \u00e0 l&#039;origine des programmes les plus iconiques cr\u00e9\u00e9s en Europe.\" \/>\n<meta name=\"robots\" content=\"index, follow, max-snippet:-1, max-image-preview:large, max-video-preview:-1\" \/>\n<link rel=\"canonical\" href=\"https:\/\/www.ellipseanimation.com\/fr\/\" \/>\n<meta property=\"og:locale\" content=\"fr_FR\" \/>\n<meta property=\"og:type\" content=\"article\" \/>\n<meta property=\"og:title\" content=\"Ellipse Animation - Un leader europ\u00e9en de l&#039;animation\" \/>\n<meta property=\"og:description\" content=\"Ellipse Animation produit des s\u00e9ries et films d&#039;animation. Ses studios sont \u00e0 l&#039;origine des programmes les plus iconiques cr\u00e9\u00e9s en Europe.\" \/>\n<meta property=\"og:url\" content=\"https:\/\/www.ellipseanimation.com\/fr\/\" \/>\n<meta property=\"og:site_name\" content=\"Ellipse Animation\" \/>\n<meta property=\"article:modified_time\" content=\"2026-03-20T10:52:19+00:00\" \/>\n<meta name=\"twitter:card\" content=\"summary_large_image\" \/>\n<script type=\"application\/ld+json\" class=\"yoast-schema-graph\">{\"@context\":\"https:\/\/schema.org\",\"@graph\":[{\"@type\":\"WebPage\",\"@id\":\"https:\/\/www.ellipseanimation.com\/fr\/\",\"url\":\"https:\/\/www.ellipseanimation.com\/fr\/\",\"name\":\"Ellipse Animation - Un leader europ\u00e9en de l'animation\",\"isPartOf\":{\"@id\":\"https:\/\/www.ellipseanimation.com\/fr\/#website\"},\"datePublished\":\"2022-06-05T09:10:51+00:00\",\"dateModified\":\"2026-03-20T10:52:19+00:00\",\"description\":\"Ellipse Animation produit des s\u00e9ries et films d'animation. Ses studios sont \u00e0 l'origine des programmes les plus iconiques cr\u00e9\u00e9s en Europe.\",\"breadcrumb\":{\"@id\":\"https:\/\/www.ellipseanimation.com\/fr\/#breadcrumb\"},\"inLanguage\":\"fr-FR\",\"potentialAction\":[{\"@type\":\"ReadAction\",\"target\":[\"https:\/\/www.ellipseanimation.com\/fr\/\"]}]},{\"@type\":\"BreadcrumbList\",\"@id\":\"https:\/\/www.ellipseanimation.com\/fr\/#breadcrumb\",\"itemListElement\":[{\"@type\":\"ListItem\",\"position\":1,\"name\":\"Accueil\",\"item\":\"https:\/\/www.ellipseanimation.com\/fr\/\"},{\"@type\":\"ListItem\",\"position\":2,\"name\":\"Home\"}]},{\"@type\":\"WebSite\",\"@id\":\"https:\/\/www.ellipseanimation.com\/fr\/#website\",\"url\":\"https:\/\/www.ellipseanimation.com\/fr\/\",\"name\":\"Ellipse Animation\",\"description\":\"We Are a European Leader in Animation\",\"publisher\":{\"@id\":\"https:\/\/www.ellipseanimation.com\/fr\/#organization\"},\"potentialAction\":[{\"@type\":\"SearchAction\",\"target\":{\"@type\":\"EntryPoint\",\"urlTemplate\":\"https:\/\/www.ellipseanimation.com\/fr\/?s={search_term_string}\"},\"query-input\":\"required name=search_term_string\"}],\"inLanguage\":\"fr-FR\"},{\"@type\":\"Organization\",\"@id\":\"https:\/\/www.ellipseanimation.com\/fr\/#organization\",\"name\":\"Ellipse Animation\",\"url\":\"https:\/\/www.ellipseanimation.com\/fr\/\",\"logo\":{\"@type\":\"ImageObject\",\"inLanguage\":\"fr-FR\",\"@id\":\"https:\/\/www.ellipseanimation.com\/fr\/#\/schema\/logo\/image\/\",\"url\":\"https:\/\/www.ellipseanimation.com\/wp-content\/uploads\/2022\/06\/logo_dark.svg\",\"contentUrl\":\"https:\/\/www.ellipseanimation.com\/wp-content\/uploads\/2022\/06\/logo_dark.svg\",\"width\":1,\"height\":1,\"caption\":\"Ellipse Animation\"},\"image\":{\"@id\":\"https:\/\/www.ellipseanimation.com\/fr\/#\/schema\/logo\/image\/\"}}]}<\/script>\n<!-- \/ Yoast SEO plugin. -->","yoast_head_json":{"title":"Ellipse Animation - Un leader europ\u00e9en de l'animation","description":"Ellipse Animation produit des s\u00e9ries et films d'animation. Ses studios sont \u00e0 l'origine des programmes les plus iconiques cr\u00e9\u00e9s en Europe.","robots":{"index":"index","follow":"follow","max-snippet":"max-snippet:-1","max-image-preview":"max-image-preview:large","max-video-preview":"max-video-preview:-1"},"canonical":"https:\/\/www.ellipseanimation.com\/fr\/","og_locale":"fr_FR","og_type":"article","og_title":"Ellipse Animation - Un leader europ\u00e9en de l'animation","og_description":"Ellipse Animation produit des s\u00e9ries et films d'animation. Ses studios sont \u00e0 l'origine des programmes les plus iconiques cr\u00e9\u00e9s en Europe.","og_url":"https:\/\/www.ellipseanimation.com\/fr\/","og_site_name":"Ellipse Animation","article_modified_time":"2026-03-20T10:52:19+00:00","twitter_card":"summary_large_image","schema":{"@context":"https:\/\/schema.org","@graph":[{"@type":"WebPage","@id":"https:\/\/www.ellipseanimation.com\/fr\/","url":"https:\/\/www.ellipseanimation.com\/fr\/","name":"Ellipse Animation - Un leader europ\u00e9en de l'animation","isPartOf":{"@id":"https:\/\/www.ellipseanimation.com\/fr\/#website"},"datePublished":"2022-06-05T09:10:51+00:00","dateModified":"2026-03-20T10:52:19+00:00","description":"Ellipse Animation produit des s\u00e9ries et films d'animation. Ses studios sont \u00e0 l'origine des programmes les plus iconiques cr\u00e9\u00e9s en Europe.","breadcrumb":{"@id":"https:\/\/www.ellipseanimation.com\/fr\/#breadcrumb"},"inLanguage":"fr-FR","potentialAction":[{"@type":"ReadAction","target":["https:\/\/www.ellipseanimation.com\/fr\/"]}]},{"@type":"BreadcrumbList","@id":"https:\/\/www.ellipseanimation.com\/fr\/#breadcrumb","itemListElement":[{"@type":"ListItem","position":1,"name":"Accueil","item":"https:\/\/www.ellipseanimation.com\/fr\/"},{"@type":"ListItem","position":2,"name":"Home"}]},{"@type":"WebSite","@id":"https:\/\/www.ellipseanimation.com\/fr\/#website","url":"https:\/\/www.ellipseanimation.com\/fr\/","name":"Ellipse Animation","description":"We Are a European Leader in Animation","publisher":{"@id":"https:\/\/www.ellipseanimation.com\/fr\/#organization"},"potentialAction":[{"@type":"SearchAction","target":{"@type":"EntryPoint","urlTemplate":"https:\/\/www.ellipseanimation.com\/fr\/?s={search_term_string}"},"query-input":"required name=search_term_string"}],"inLanguage":"fr-FR"},{"@type":"Organization","@id":"https:\/\/www.ellipseanimation.com\/fr\/#organization","name":"Ellipse Animation","url":"https:\/\/www.ellipseanimation.com\/fr\/","logo":{"@type":"ImageObject","inLanguage":"fr-FR","@id":"https:\/\/www.ellipseanimation.com\/fr\/#\/schema\/logo\/image\/","url":"https:\/\/www.ellipseanimation.com\/wp-content\/uploads\/2022\/06\/logo_dark.svg","contentUrl":"https:\/\/www.ellipseanimation.com\/wp-content\/uploads\/2022\/06\/logo_dark.svg","width":1,"height":1,"caption":"Ellipse Animation"},"image":{"@id":"https:\/\/www.ellipseanimation.com\/fr\/#\/schema\/logo\/image\/"}}]}},"_links":{"self":[{"href":"https:\/\/www.ellipseanimation.com\/fr\/wp-json\/wp\/v2\/pages\/4204"}],"collection":[{"href":"https:\/\/www.ellipseanimation.com\/fr\/wp-json\/wp\/v2\/pages"}],"about":[{"href":"https:\/\/www.ellipseanimation.com\/fr\/wp-json\/wp\/v2\/types\/page"}],"author":[{"embeddable":true,"href":"https:\/\/www.ellipseanimation.com\/fr\/wp-json\/wp\/v2\/users\/1"}],"replies":[{"embeddable":true,"href":"https:\/\/www.ellipseanimation.com\/fr\/wp-json\/wp\/v2\/comments?post=4204"}],"version-history":[{"count":27,"href":"https:\/\/www.ellipseanimation.com\/fr\/wp-json\/wp\/v2\/pages\/4204\/revisions"}],"predecessor-version":[{"id":15345,"href":"https:\/\/www.ellipseanimation.com\/fr\/wp-json\/wp\/v2\/pages\/4204\/revisions\/15345"}],"wp:attachment":[{"href":"https:\/\/www.ellipseanimation.com\/fr\/wp-json\/wp\/v2\/media?parent=4204"}],"curies":[{"name":"wp","href":"https:\/\/api.w.org\/{rel}","templated":true}]}}